{"id":813,"date":"2024-02-27T09:49:38","date_gmt":"2024-02-27T08:49:38","guid":{"rendered":"https:\/\/e-lux.es\/politica-de-privadesa\/"},"modified":"2024-03-04T11:33:40","modified_gmt":"2024-03-04T10:33:40","slug":"politica-de-privadesa","status":"publish","type":"page","link":"https:\/\/e-lux.es\/ca\/politica-de-privadesa\/","title":{"rendered":"Pol\u00edtica de privadesa"},"content":{"rendered":"<p>[et_pb_section fb_built=&#8221;1&#8243; _builder_version=&#8221;4.23.4&#8243; _module_preset=&#8221;default&#8221; background_image=&#8221;https:\/\/e-lux.es\/wp-content\/uploads\/2024\/02\/e-luxMesa-de-trabajo-2.png&#8221; custom_padding=&#8221;251px||251px||true|false&#8221; global_colors_info=&#8221;{}&#8221;][et_pb_row _builder_version=&#8221;4.23.4&#8243; _module_preset=&#8221;default&#8221; custom_margin=&#8221;-66px|auto||auto||&#8221; global_colors_info=&#8221;{}&#8221;][et_pb_column type=&#8221;4_4&#8243; _builder_version=&#8221;4.23.4&#8243; _module_preset=&#8221;default&#8221; global_colors_info=&#8221;{}&#8221;][et_pb_text _builder_version=&#8221;4.23.4&#8243; _dynamic_attributes=&#8221;content&#8221; _module_preset=&#8221;default&#8221; text_font=&#8221;Bebas Neue||||||||&#8221; text_font_size=&#8221;80px&#8221; text_line_height=&#8221;0.9em&#8221; header_font=&#8221;Aclonica||||||||&#8221; text_orientation=&#8221;center&#8221; custom_margin=&#8221;-42px|||||&#8221; custom_padding=&#8221;||||true&#8221; hover_enabled=&#8221;0&#8243; global_colors_info=&#8221;{}&#8221; text_text_color=&#8221;#FFFFFF&#8221; sticky_enabled=&#8221;0&#8243;]@ET-DC@eyJkeW5hbWljIjp0cnVlLCJjb250ZW50IjoicG9zdF90aXRsZSIsInNldHRpbmdzIjp7ImJlZm9yZSI6IiIsImFmdGVyIjoiIn19@[\/et_pb_text][\/et_pb_column][\/et_pb_row][\/et_pb_section][et_pb_section fb_built=&#8221;1&#8243; _builder_version=&#8221;4.23.4&#8243; _module_preset=&#8221;default&#8221; custom_padding=&#8221;116px|||||&#8221; global_colors_info=&#8221;{}&#8221;][et_pb_row _builder_version=&#8221;4.23.4&#8243; _module_preset=&#8221;default&#8221; global_colors_info=&#8221;{}&#8221;][et_pb_column type=&#8221;4_4&#8243; _builder_version=&#8221;4.23.4&#8243; _module_preset=&#8221;default&#8221; global_colors_info=&#8221;{}&#8221;][et_pb_text _builder_version=&#8221;4.23.4&#8243; _module_preset=&#8221;default&#8221; global_colors_info=&#8221;{}&#8221;]<\/p>\n<header class=\"text-center\">\n<header class=\"text-center\">\n<h2 class=\"m-auto\"><span style=\"color: #000000;\">POL\u00cdTICA DE PRIVACITAT DEL LLOC WEB<\/span><\/h2>\n<h4><span class=\"blanc-space ng-binding\" style=\"color: #000000;\">www.e-lux.es<\/span><\/h4>\n<\/header>\n<div>\n<h3><span style=\"color: #000000;\">I. POL\u00cdTICA DE PRIVACITAT I PROTECCI\u00d3 DE DADES<\/span><\/h3>\n<p><span style=\"color: #000000;\">Respectant el que estableix la legislaci\u00f3 vigent, <span class=\"blanc-space ng-binding\">E-Lux<\/span> (d&#8217;ara endavant, tamb\u00e9 Lloc Web) es compromet a adoptar les mesures t\u00e8cniques i organitzatives necess\u00e0ries, segons el nivell de seguretat adequat al risc de les dades recollides.<\/span><\/p>\n<h4><span style=\"color: #000000;\">Lleis que incorpora aquesta pol\u00edtica de privadesa<\/span><\/h4>\n<p><span style=\"color: #000000;\">Aquesta pol\u00edtica de privadesa est\u00e0 adaptada a la normativa espanyola i europea vigent en mat\u00e8ria de protecci\u00f3 de dades personals a internet. En concret, aquesta respecta les normes seg\u00fcents:<\/span><\/p>\n<ul>\n<li><span style=\"color: #000000;\">El Reglament (UE) 2016\/679 del Parlament Europeu i del Consell, de 27 d&#8217;abril del 2016, relatiu a la protecci\u00f3 de les persones f\u00edsiques pel que fa al tractament de dades personals ia la lliure circulaci\u00f3 d&#8217;aquestes dades (RGPD).<\/span><\/li>\n<li><span style=\"color: #000000;\">La Llei Org\u00e0nica 3\/2018, del 5 de desembre, de Protecci\u00f3 de Dades Personals i garantia dels drets digitals (LOPD-GDD).<\/span><\/li>\n<li><span style=\"color: #000000;\">El Reial decret 1720\/2007, de 21 de desembre, pel qual saprova el Reglament de desplegament de la Llei Org\u00e0nica 15\/1999, de 13 de desembre, de Protecci\u00f3 de Dades de Car\u00e0cter Personal (RDLOPD).<\/span><\/li>\n<li><span style=\"color: #000000;\">La Llei 34\/2002, de 11 de juliol, de Serveis de la Societat de la Informaci\u00f3 i de Comer\u00e7 Electr\u00f2nic (LSSI-CE).<\/span><\/li>\n<\/ul>\n<h4><span style=\"color: #000000;\">Identitat del responsable del tractament de les dades personals<\/span><\/h4>\n<p ng-show=\"data.claseTitular == 'persona'\"><span style=\"color: #000000;\">El responsable del tractament de les dades personals recollides a <span class=\"blanc-space ng-binding\">E-Lux<\/span> \u00e9s: <span class=\"blanc-space ng-binding\">Eliquids innovation SL<\/span> , amb NIF: <span class=\"blanc-space ng-binding\">B55198252<\/span> (d&#8217;ara endavant, Responsable del tractament). Les vostres dades de contacte s\u00f3n les seg\u00fcents:<\/span><\/p>\n<p><span style=\"color: #000000;\">Adre\u00e7a: <span class=\"blanc-space ng-binding\">C\/ Francesc Ciurana, 19, 6-4 17002 Girona<\/span><\/span><\/p>\n<p><span style=\"color: #000000;\">Tel\u00e8fon de contacte: <span class=\"blanc-space ng-binding\">630 87 04 03<\/span><\/span><\/p>\n<p><span style=\"color: #000000;\">Email de contacte: <span class=\"blanc-space ng-binding\">info@e-lux.es<\/span><\/span><\/p>\n<h4><span style=\"color: #000000;\">Registre de Dades de Car\u00e0cter Personal<\/span><\/h4>\n<p><span style=\"color: #000000;\">En compliment del que estableix el RGPD i la LOPD-GDD, us informem que les dades personals demanades per  <span class=\"blanc-space ng-binding\">E-Lux<\/span>, mitjan\u00e7ant els formularis estesos a les seves p\u00e0gines quedaran incorporats i seran tractats al nostre fitxer per tal de poder facilitar, agilitzar i complir els compromisos establerts entre  <span class=\"blanc-space ng-binding\">E-Lux<\/span>  i l&#8217;Usuari o el manteniment de la relaci\u00f3 que s&#8217;estableixi als formularis que aquest empleni, o per atendre&#8217;n una sol\u00b7licitud o consulta. Aix\u00ed mateix, de conformitat amb el que preveu el RGPD i la LOPD-GDD, llevat que sigui aplicable l&#8217;excepci\u00f3 prevista a l&#8217;article 30.5 del RGPD, es mant\u00e9 un registre d&#8217;activitats de tractament que especifica, segons les seves finalitats, les activitats de tractament dutes a terme i les altres circumst\u00e0ncies establertes al RGPD.<\/span><\/p>\n<h4><span style=\"color: #000000;\">Principis aplicables al tractament de les dades personals<\/span><\/h4>\n<p><span style=\"color: #000000;\">El tractament de les dades personals de l&#8217;Usuari se sotmetr\u00e0 als seg\u00fcents principis recollits a l&#8217;article 5 del RGPD ia l&#8217;article 4 i seg\u00fcents de la Llei Org\u00e0nica 3\/2018, de 5 de desembre, de Protecci\u00f3 de Dades Personals i garantia dels drets digitals:<\/span><\/p>\n<ul>\n<li><span style=\"color: #000000;\">Principi de licitud, lleialtat i transpar\u00e8ncia: es requerir\u00e0 en tot moment el consentiment de l&#8217;Usuari pr\u00e8via informaci\u00f3 completament transparent de les finalitats per a les quals es recullen les dades personals.<\/span><\/li>\n<li><span style=\"color: #000000;\">Principi de limitaci\u00f3 de la finalitat: les dades personals seran recollides amb fins determinats, expl\u00edcits i leg\u00edtims.<\/span><\/li>\n<li><span style=\"color: #000000;\">Principi de minimitzaci\u00f3 de dades: les dades personals recollides seran \u00fanicament les estrictament necess\u00e0ries en relaci\u00f3 amb les finalitats per a les quals s\u00f3n tractades.<\/span><\/li>\n<li><span style=\"color: #000000;\">Principi d&#8217;exactitud: les dades personals han de ser exactes i estar sempre actualitzades.<\/span><\/li>\n<li><span style=\"color: #000000;\">Principi de limitaci\u00f3 del termini de conservaci\u00f3: les dades personals nom\u00e9s seran mantingudes de manera que es permeti la identificaci\u00f3 de l&#8217;Usuari durant el temps necessari per als fins del tractament.<\/span><\/li>\n<li><span style=\"color: #000000;\">Principi d&#8217;integritat i confidencialitat: les dades personals seran tractades de manera que se&#8217;n garanteixi la seguretat i la confidencialitat.<\/span><\/li>\n<li><span style=\"color: #000000;\">Principi de responsabilitat proactiva: el responsable del tractament ser\u00e0 responsable d&#8217;assegurar que els principis anteriors es compleixen.<\/span><\/li>\n<\/ul>\n<h4><span style=\"color: #000000;\">Categories de dades personals<\/span><\/h4>\n<p ng-show=\"data.datosPersonales == 'opcionA'\"><span style=\"color: #000000;\">Les categories de dades que es tracten a <span class=\"blanc-space ng-binding\">E-Lux<\/span> s\u00f3n \u00fanicament dades identificatives. En cap cas, no es tracten categories especials de dades personals en el sentit de l&#8217;article 9 del RGPD.<\/span><\/p>\n<h4><span style=\"color: #000000;\">Base legal per al tractament de les dades personals<\/span><\/h4>\n<p><span style=\"color: #000000;\">La base legal per al tractament de les dades personals \u00e9s el consentiment. <span class=\"blanc-space ng-binding\">E-Lux<\/span> es compromet a demanar el consentiment expr\u00e9s i verificable de l&#8217;Usuari per al tractament de les seves dades personals per a un o diversos fins espec\u00edfics.<\/span><\/p>\n<p><span style=\"color: #000000;\">L&#8217;Usuari tindr\u00e0 dret a retirar el consentiment en qualsevol moment. Ser\u00e0 tan f\u00e0cil retirar el consentiment com donar-ho. Com a regla general, la retirada del consentiment no condicionar\u00e0 l\u00fas del Lloc Web.<\/span><\/p>\n<p><span style=\"color: #000000;\">En les ocasions en qu\u00e8 l&#8217;Usuari hagi o pugui facilitar les seves dades a trav\u00e9s de formularis per fer consultes, sol\u00b7licitar informaci\u00f3 o per motius relacionats amb el contingut del Lloc Web, se us informar\u00e0 en cas que l&#8217;emplenament d&#8217;algun d&#8217;ells sigui obligat\u00f2ria pel fet que aquests siguin imprescindibles per al correcte desenvolupament de l&#8217;operaci\u00f3 realitzada.<\/span><\/p>\n<h4><span style=\"color: #000000;\">Fins del tractament a qu\u00e8 es destinen les dades personals<\/span><\/h4>\n<p><span style=\"color: #000000;\">Les dades personals s\u00f3n recollides i gestionades per  <span class=\"blanc-space ng-binding\">E-Lux<\/span>  amb la finalitat de poder facilitar, agilitzar i complir els compromisos establerts entre el Lloc Web i l&#8217;Usuari o el manteniment de la relaci\u00f3 que s&#8217;estableixi als formularis que aquest \u00faltim empleni o per atendre una sol\u00b7licitud o consulta.<\/span><\/p>\n<p><span style=\"color: #000000;\">Igualment, les dades podran ser utilitzades amb una finalitat comercial de personalitzaci\u00f3, operativa i estad\u00edstica, i activitats pr\u00f2pies de l&#8217;objecte social de  <span class=\"blanc-space ng-binding\">E-Lux<\/span>, aix\u00ed com per a l&#8217;extracci\u00f3, emmagatzematge de dades i estudis de m\u00e0rqueting per adequar el Contingut ofert a l&#8217;Usuari, aix\u00ed com millorar la qualitat, funcionament i navegaci\u00f3 pel Lloc Web.<\/span><\/p>\n<p><span style=\"color: #000000;\">En el moment en qu\u00e8 s&#8217;obtinguin les dades personals, s&#8217;informar\u00e0 l&#8217;Usuari sobre la finalitat o les finalitats espec\u00edfiques del tractament a qu\u00e8 es destinaran les dades personals; \u00e9s a dir, de l&#8217;\u00fas o els usos que es donar\u00e0 a la informaci\u00f3 recopilada.<\/span><\/p>\n<h4><span style=\"color: #000000;\">Per\u00edodes de retenci\u00f3 de les dades personals<\/span><\/h4>\n<p><span style=\"color: #000000;\">Les dades personals nom\u00e9s seran retingudes durant el temps m\u00ednim necessari per als fins del seu tractament i, en tot cas, \u00fanicament durant el termini seg\u00fcent: <span class=\"blanc-space ng-binding\">5 anys<\/span> , o fins que l&#8217;Usuari sol\u00b7liciti la seva supressi\u00f3.<\/span><\/p>\n<p><span style=\"color: #000000;\">En el moment en qu\u00e8 s&#8217;obtinguin les dades personals, s&#8217;informar\u00e0 l&#8217;usuari sobre el termini durant el qual es conservaran les dades personals o, quan aix\u00f2 no sigui possible, els criteris utilitzats per determinar aquest termini.<\/span><\/p>\n<h4><span style=\"color: #000000;\">Destinataris de les dades personals<\/span><\/h4>\n<p ng-show=\"data.datosCompartidos == 'No'\" class=\"\"><span style=\"color: #000000;\">Les dades personals de l&#8217;usuari no seran compartides amb tercers.<\/span><\/p>\n<p ng-show=\"data.datosCompartidos == 'No'\" class=\"\"><span style=\"color: #000000;\">En qualsevol cas, en el moment en qu\u00e8 s&#8217;obtinguin les dades personals, s&#8217;informar\u00e0 l&#8217;usuari sobre els destinataris o les categories de destinataris de les dades personals.<\/span><\/p>\n<h4><span style=\"color: #000000;\">Dades personals de menors d&#8217;edat<\/span><\/h4>\n<p><span style=\"color: #000000;\">Respectant all\u00f2 establert als articles 8 del RGPD i 7 de la Llei Org\u00e0nica 3\/2018, de 5 de desembre, de Protecci\u00f3 de Dades Personals i garantia dels drets digitals, nom\u00e9s els majors de 14 anys podran atorgar el seu consentiment per al tractament de les vostres dades personals de forma l\u00edcita per  <span class=\"blanc-space ng-binding\">E-Lux<\/span> . Si es tracta d&#8217;un menor de 14 anys, caldr\u00e0 el consentiment dels pares o tutors per al tractament, i aquest nom\u00e9s es considerar\u00e0 l\u00edcit en la mesura que aquests ho hagin autoritzat.<\/span><\/p>\n<h4><span style=\"color: #000000;\">Secret i seguretat de les dades personals<\/span><\/h4>\n<p><span style=\"color: #000000;\"><span class=\"blanc-space ng-binding\">E-Lux<\/span>  es compromet a adoptar les mesures t\u00e8cniques i organitzatives necess\u00e0ries, segons el nivell de seguretat adequat al risc de les dades recollides, de manera que es garanteixi la seguretat de les dades de car\u00e0cter personal i s&#8217;eviti la destrucci\u00f3, p\u00e8rdua o alteraci\u00f3 accidental o il\u00b7l\u00edcita de dades personals transmeses, conservades o tractades d&#8217;una altra manera, o la comunicaci\u00f3 o acc\u00e9s no autoritzats a aquestes dades.<\/span><\/p>\n<p ng-show=\"hasSSL == 'S\u00ed'\" class=\"\"><span style=\"color: #000000;\">El Lloc Web compta amb un certificat SSL (Secure Socket Layer), que assegura que les dades personals es transmeten de manera segura i confidencial, en ser la transmissi\u00f3 de les dades entre el servidor i l&#8217;Usuari, i en retroalimentaci\u00f3, totalment xifrada o encriptada .<\/span><\/p>\n<p><span style=\"color: #000000;\">No obstant aix\u00f2, pel fet que <span class=\"blanc-space ng-binding\">E-Lux<\/span>  no pot garantir la inexpugnabilitat d&#8217;internet ni l&#8217;abs\u00e8ncia total de hackers o altres que accedeixin de manera fraudulent a les dades personals, el Responsable del tractament es compromet a comunicar a l&#8217;Usuari sense dilaci\u00f3 indeguda quan es produeixi una violaci\u00f3 de la seguretat de les dades personals que sigui probable que comporti un alt risc per als drets i llibertats de les persones f\u00edsiques. Seguint el que estableix l&#8217;article 4 del RGPD, s&#8217;ent\u00e9n per violaci\u00f3 de la seguretat de les dades personals tota violaci\u00f3 de la seguretat que ocasioni la destrucci\u00f3, p\u00e8rdua o alteraci\u00f3 accidental o il\u00b7l\u00edcita de dades personals transmeses, conservades o tractades d&#8217;una altra manera, o la comunicaci\u00f3 o acc\u00e9s no autoritzats a aquestes dades.<\/span><\/p>\n<p><span style=\"color: #000000;\">Les dades personals seran tractades com a confidencials pel Responsable del tractament, qui es compromet a informar de ia garantir per mitj\u00e0 d&#8217;una obligaci\u00f3 legal o contractual que aquesta confidencialitat sigui respectada pels seus empleats, associats, i tota persona a qui li faci accessible la informaci\u00f3.<\/span><\/p>\n<h4><span style=\"color: #000000;\">Drets derivats del tractament de les dades personals<\/span><\/h4>\n<p><span style=\"color: #000000;\">L&#8217;Usuari t\u00e9 sobre <span class=\"blanc-space ng-binding\">E-Lux<\/span> i podr\u00e0, per tant, exercir davant del Responsable del tractament els seg\u00fcents drets reconeguts al RGPD i la Llei Org\u00e0nica 3\/2018, de 5 de desembre, de Protecci\u00f3 de Dades Personals i garantia dels drets digitals :<\/span><\/p>\n<ul>\n<li><span style=\"color: #000000;\"><i>Dret d&#8217;acc\u00e9s:<\/i>  \u00c9s el dret de l&#8217;Usuari a obtenir confirmaci\u00f3 de si  <span class=\"blanc-space ng-binding\">E-Lux<\/span>  est\u00e0 tractant o no les seves dades personals i, en cas afirmatiu, obtenir informaci\u00f3 sobre les dades concretes de car\u00e0cter personal i del tractament que  <span class=\"blanc-space ng-binding\">E-Lux<\/span>  hagi realitzat o realitzi, aix\u00ed com, entre una altra, de la informaci\u00f3 disponible sobre l&#8217;origen de les dades esmentades i els destinataris de les comunicacions realitzades o previstes d&#8217;aquestes dades.<\/span><\/li>\n<li><span style=\"color: #000000;\"><i>Dret de rectificaci\u00f3:<\/i> \u00c9s el dret de l&#8217;Usuari al fet que es modifiquin les seves dades personals que resultin ser inexactes o, tenint en compte els fins del tractament, incomplets.<\/span><\/li>\n<li><span style=\"color: #000000;\"><i>Dret de supressi\u00f3 (&#8220;el dret a l&#8217;oblit&#8221;):<\/i>  \u00c9s el dret de l&#8217;Usuari, sempre que la legislaci\u00f3 vigent no estableixi el contrari, a obtenir la supressi\u00f3 de les dades personals quan aquestes ja no siguin necess\u00e0ries per als fins per als quals van ser recollits o tractats; l&#8217;Usuari hagi retirat el consentiment al tractament i aquest no compti amb una altra base legal; l&#8217;Usuari s&#8217;oposi al tractament i no hi hagi cap altre motiu leg\u00edtim per continuar amb aquest; les dades personals hagin estat tractades il\u00b7l\u00edcitament; les dades personals s&#8217;han de suprimir en compliment d&#8217;una obligaci\u00f3 legal; o les dades personals hagin estat obtingudes producte duna oferta directa de serveis de la societat de la informaci\u00f3 a un menor de 14 anys. A m\u00e9s de suprimir les dades, el Responsable del tractament, tenint en compte la tecnologia disponible i el cost de la seva aplicaci\u00f3, haur\u00e0 d&#8217;adoptar mesures raonables per informar els responsables que estiguin tractant les dades personals de la sol\u00b7licitud de l&#8217;interessat de supressi\u00f3 de qualsevol enlla\u00e7 a aquestes dades personals.<\/span><\/li>\n<li><span style=\"color: #000000;\"><i>Dret a la limitaci\u00f3 del tractament:<\/i> \u00c9s el dret de l&#8217;Usuari a limitar el tractament de les vostres dades personals. L&#8217;Usuari t\u00e9 dret a obtenir la limitaci\u00f3 del tractament quan impugni l&#8217;exactitud de les dades personals; el tractament sigui il\u00b7l\u00edcit; el Responsable del tractament ja no necessiti les dades personals, per\u00f2 l&#8217;Usuari ho necessiti per fer reclamacions; i quan l&#8217;usuari s&#8217;hagi oposat al tractament.<\/span><\/li>\n<li><span style=\"color: #000000;\"><i>Dret a la portabilitat de les dades:<\/i> En cas que el tractament s&#8217;efectu\u00ef per mitjans automatitzats, l&#8217;Usuari tindr\u00e0 dret a rebre del Responsable del tractament les dades personals en un format estructurat, d&#8217;\u00fas com\u00fa i lectura mec\u00e0nica, ia transmetre&#8217;ls a un altre responsable del tractament. Sempre que sigui t\u00e8cnicament possible, el responsable del tractament transmetr\u00e0 directament les dades a aquest altre responsable.<\/span><\/li>\n<li><span style=\"color: #000000;\"><i>Dret d&#8217;oposici\u00f3:<\/i> \u00c9s el dret de l&#8217;Usuari que no es dugui a terme el tractament de les vostres dades de car\u00e0cter personal o se&#8217;n cessi el tractament per part d&#8217; <span class=\"blanc-space ng-binding\">E-Lux<\/span> .<\/span><\/li>\n<li><span style=\"color: #000000;\"><i>Dret a no ser objecte d&#8217;una decisi\u00f3 basada \u00fanicament en el tractament automatitzat, inclosa l&#8217;elaboraci\u00f3 de perfils:<\/i>  \u00c9s el dret de l&#8217;Usuari a no ser objecte d&#8217;una decisi\u00f3 individualitzada basada \u00fanicament en el tractament automatitzat de les vostres dades personals, inclosa l&#8217;elaboraci\u00f3 de perfils, existent llevat que la legislaci\u00f3 vigent estableixi el contrari.<\/span><\/li>\n<\/ul>\n<p><span style=\"color: #000000;\">Aix\u00ed doncs, l&#8217;Usuari podr\u00e0 exercitar els seus drets mitjan\u00e7ant comunicaci\u00f3 escrita dirigida al Responsable del tractament amb la refer\u00e8ncia \u201c <span class=\"blanc-space ng-binding\">RGPD-www.e-lux.es<\/span> \u201d, especificant:<\/span><\/p>\n<ul>\n<li><span style=\"color: #000000;\">Nom, cognoms de l&#8217;usuari i c\u00f2pia del DNI. En els casos en qu\u00e8 s&#8217;admeti la representaci\u00f3, tamb\u00e9 ser\u00e0 necess\u00e0ria la identificaci\u00f3 pel mateix mitj\u00e0 de la persona que representa l&#8217;Usuari, aix\u00ed com el document acreditatiu de la representaci\u00f3. La fotoc\u00f2pia del DNI podr\u00e0 ser substitu\u00efda per qualsevol altre mitj\u00e0 v\u00e0lid en dret que acrediti la identitat.<\/span><\/li>\n<li><span style=\"color: #000000;\">Petici\u00f3 amb els motius espec\u00edfics de la sol\u00b7licitud o informaci\u00f3 a qu\u00e8 es vol accedir.<\/span><\/li>\n<li><span style=\"color: #000000;\">Domicili a efectes de notificacions.<\/span><\/li>\n<li><span style=\"color: #000000;\">Data i signatura del sol\u00b7licitant.<\/span><\/li>\n<li><span style=\"color: #000000;\">Tot document que acrediti la petici\u00f3 que formula.<\/span><\/li>\n<\/ul>\n<p><span style=\"color: #000000;\">Aquesta sol\u00b7licitud i qualsevol altre document adjunt podr\u00e0 enviar-se a la seg\u00fcent adre\u00e7a i\/o correu electr\u00f2nic:<\/span><\/p>\n<p><span style=\"color: #000000;\">Adre\u00e7a postal: <span class=\"blanc-space ng-binding\">C\/ Francesc Ciurana, 19, 6-4 17002 Girona<\/span><\/span><\/p>\n<p><span style=\"color: #000000;\">Correu electr\u00f2nic: <span class=\"blanc-space ng-binding\">info@e-lux.es<\/span><\/span><\/p>\n<h4><span style=\"color: #000000;\">Enlla\u00e7os a llocs web de tercers<\/span><\/h4>\n<p><span style=\"color: #000000;\">El Lloc Web pot incloure hipervincles o enlla\u00e7os que permeten accedir a p\u00e0gines web de tercers diferents d&#8217; <span class=\"blanc-space ng-binding\">E-Lux<\/span> , i que per tant no s\u00f3n operats per <span class=\"blanc-space ng-binding\">E-Lux<\/span> . Els titulars d&#8217;aquests llocs web disposaran de les seves pr\u00f2pies pol\u00edtiques de protecci\u00f3 de dades, i ells mateixos seran, en cada cas, responsables dels seus propis fitxers i de les pr\u00f2pies pr\u00e0ctiques de privadesa.<\/span><\/p>\n<h4><span style=\"color: #000000;\">Reclamacions davant de l&#8217;autoritat de control<\/span><\/h4>\n<p><span style=\"color: #000000;\">En cas que l&#8217;Usuari consideri que hi ha un problema o infracci\u00f3 de la normativa vigent en la forma com s&#8217;estan tractant les dades personals, tindr\u00e0 dret a la tutela judicial efectiva ia presentar una reclamaci\u00f3 davant d&#8217;una autoritat de control, en particular, a l&#8217;Estat on tingui la resid\u00e8ncia habitual, el lloc de treball o el lloc de la suposada infracci\u00f3. En cas d&#8217;Espanya, l&#8217;autoritat de control \u00e9s l&#8217;Ag\u00e8ncia Espanyola de Protecci\u00f3 de Dades (https:\/\/www.aepd.es\/).<\/span><\/p>\n<h3><span style=\"color: #000000;\">II. ACCEPTACI\u00d3 I CANVIS EN AQUESTA POL\u00cdTICA DE PRIVACITAT<\/span><\/h3>\n<p><span style=\"color: #000000;\">\u00c9s necessari que l&#8217;Usuari hagi llegit i estigui conforme amb les condicions sobre la protecci\u00f3 de dades de car\u00e0cter personal contingudes en aquesta Pol\u00edtica de Privadesa, aix\u00ed com que accepti el tractament de les seves dades personals perqu\u00e8 el Responsable del tractament pugui procedir-hi a la forma, durant els terminis i per a les finalitats indicades. L&#8217;\u00fas del Lloc Web implicar\u00e0 l&#8217;acceptaci\u00f3 de la Pol\u00edtica de Privadesa del mateix.<\/span><\/p>\n<p><span style=\"color: #000000;\"><span class=\"blanc-space ng-binding\">E-Lux<\/span> es reserva el dret a modificar la seva Pol\u00edtica de Privadesa, d&#8217;acord amb el seu propi criteri, o motivat per un canvi legislatiu, jurisprudencial o doctrinal de l&#8217;Ag\u00e8ncia Espanyola de Protecci\u00f3 de Dades. Els canvis o actualitzacions d&#8217;aquesta Pol\u00edtica de Privadesa no seran notificats de manera expl\u00edcita a l&#8217;Usuari. Es recomana a l&#8217;Usuari consultar aquesta p\u00e0gina de forma peri\u00f2dica per estar al corrent dels darrers canvis o actualitzacions.<\/span><\/p>\n<p><span style=\"color: #000000;\">Aquesta Pol\u00edtica de Privadesa va ser actualitzada per adaptar-se al Reglament (UE) 2016\/679 del Parlament Europeu i del Consell, de 27 d&#8217;abril de 2016, relatiu a la protecci\u00f3 de les persones f\u00edsiques pel que fa al tractament de dades personals ia la lliure circulaci\u00f3 d&#8217;aquestes dades (RGPD) ia la Llei org\u00e0nica 3\/2018, del 5 de desembre, de protecci\u00f3 de dades personals i garantia dels drets digitals.<\/span><\/p>\n<\/div>\n<\/header>\n<p>[\/et_pb_text][\/et_pb_column][\/et_pb_row][\/et_pb_section]<\/p>\n","protected":false},"excerpt":{"rendered":"<p>POL\u00cdTICA DE PRIVACITAT DEL LLOC WEB www.e-lux.es I. POL\u00cdTICA DE PRIVACITAT I PROTECCI\u00d3 DE DADES Respectant el que estableix la legislaci\u00f3 vigent, E-Lux (d&#8217;ara endavant, tamb\u00e9 Lloc Web) es compromet a adoptar les mesures t\u00e8cniques i organitzatives necess\u00e0ries, segons el nivell de seguretat adequat al risc de les dades recollides. Lleis que incorpora aquesta pol\u00edtica [&hellip;]<\/p>\n","protected":false},"author":1,"featured_media":0,"parent":0,"menu_order":0,"comment_status":"closed","ping_status":"closed","template":"","meta":{"_et_pb_use_builder":"on","_et_pb_old_content":"","_et_gb_content_width":"","footnotes":""},"class_list":["post-813","page","type-page","status-publish","hentry"],"yoast_head":"<!-- This site is optimized with the Yoast SEO plugin v27.5 - https:\/\/yoast.com\/product\/yoast-seo-wordpress\/ -->\n<title>Pol\u00edtica de privadesa - E-LUX<\/title>\n<meta name=\"robots\" content=\"index, follow, max-snippet:-1, max-image-preview:large, max-video-preview:-1\" \/>\n<link rel=\"canonical\" href=\"https:\/\/e-lux.es\/ca\/politica-de-privadesa\/\" \/>\n<meta property=\"og:locale\" content=\"ca_ES\" \/>\n<meta property=\"og:type\" content=\"article\" \/>\n<meta property=\"og:title\" content=\"Pol\u00edtica de privadesa - E-LUX\" \/>\n<meta property=\"og:description\" content=\"POL\u00cdTICA DE PRIVACITAT DEL LLOC WEB www.e-lux.es I. POL\u00cdTICA DE PRIVACITAT I PROTECCI\u00d3 DE DADES Respectant el que estableix la legislaci\u00f3 vigent, E-Lux (d&#039;ara endavant, tamb\u00e9 Lloc Web) es compromet a adoptar les mesures t\u00e8cniques i organitzatives necess\u00e0ries, segons el nivell de seguretat adequat al risc de les dades recollides. Lleis que incorpora aquesta pol\u00edtica [&hellip;]\" \/>\n<meta property=\"og:url\" content=\"https:\/\/e-lux.es\/ca\/politica-de-privadesa\/\" \/>\n<meta property=\"og:site_name\" content=\"E-LUX\" \/>\n<meta property=\"article:publisher\" content=\"https:\/\/www.facebook.com\/elux.innovation\" \/>\n<meta property=\"article:modified_time\" content=\"2024-03-04T10:33:40+00:00\" \/>\n<meta name=\"twitter:card\" content=\"summary_large_image\" \/>\n<meta name=\"twitter:site\" content=\"@Eluxinnovation\" \/>\n<meta name=\"twitter:label1\" content=\"Temps estimat de lectura\" \/>\n\t<meta name=\"twitter:data1\" content=\"14 minuts\" \/>\n<script type=\"application\/ld+json\" class=\"yoast-schema-graph\">{\"@context\":\"https:\\\/\\\/schema.org\",\"@graph\":[{\"@type\":\"WebPage\",\"@id\":\"https:\\\/\\\/e-lux.es\\\/ca\\\/politica-de-privadesa\\\/\",\"url\":\"https:\\\/\\\/e-lux.es\\\/ca\\\/politica-de-privadesa\\\/\",\"name\":\"Pol\u00edtica de privadesa - E-LUX\",\"isPartOf\":{\"@id\":\"https:\\\/\\\/e-lux.es\\\/ca\\\/#website\"},\"datePublished\":\"2024-02-27T08:49:38+00:00\",\"dateModified\":\"2024-03-04T10:33:40+00:00\",\"breadcrumb\":{\"@id\":\"https:\\\/\\\/e-lux.es\\\/ca\\\/politica-de-privadesa\\\/#breadcrumb\"},\"inLanguage\":\"ca\",\"potentialAction\":[{\"@type\":\"ReadAction\",\"target\":[\"https:\\\/\\\/e-lux.es\\\/ca\\\/politica-de-privadesa\\\/\"]}]},{\"@type\":\"BreadcrumbList\",\"@id\":\"https:\\\/\\\/e-lux.es\\\/ca\\\/politica-de-privadesa\\\/#breadcrumb\",\"itemListElement\":[{\"@type\":\"ListItem\",\"position\":1,\"name\":\"Portada\",\"item\":\"https:\\\/\\\/e-lux.es\\\/ca\\\/inici\\\/\"},{\"@type\":\"ListItem\",\"position\":2,\"name\":\"Pol\u00edtica de privadesa\"}]},{\"@type\":\"WebSite\",\"@id\":\"https:\\\/\\\/e-lux.es\\\/ca\\\/#website\",\"url\":\"https:\\\/\\\/e-lux.es\\\/ca\\\/\",\"name\":\"E-LUX\",\"description\":\"Premium e-liquid &amp; Shisha\",\"publisher\":{\"@id\":\"https:\\\/\\\/e-lux.es\\\/ca\\\/#organization\"},\"potentialAction\":[{\"@type\":\"SearchAction\",\"target\":{\"@type\":\"EntryPoint\",\"urlTemplate\":\"https:\\\/\\\/e-lux.es\\\/ca\\\/?s={search_term_string}\"},\"query-input\":{\"@type\":\"PropertyValueSpecification\",\"valueRequired\":true,\"valueName\":\"search_term_string\"}}],\"inLanguage\":\"ca\"},{\"@type\":\"Organization\",\"@id\":\"https:\\\/\\\/e-lux.es\\\/ca\\\/#organization\",\"name\":\"E-liquids Innovation\",\"url\":\"https:\\\/\\\/e-lux.es\\\/ca\\\/\",\"logo\":{\"@type\":\"ImageObject\",\"inLanguage\":\"ca\",\"@id\":\"https:\\\/\\\/e-lux.es\\\/ca\\\/#\\\/schema\\\/logo\\\/image\\\/\",\"url\":\"https:\\\/\\\/e-lux.es\\\/wp-content\\\/uploads\\\/2024\\\/02\\\/e-lux-Mesa-de-trabajo-13.png\",\"contentUrl\":\"https:\\\/\\\/e-lux.es\\\/wp-content\\\/uploads\\\/2024\\\/02\\\/e-lux-Mesa-de-trabajo-13.png\",\"width\":522,\"height\":237,\"caption\":\"E-liquids Innovation\"},\"image\":{\"@id\":\"https:\\\/\\\/e-lux.es\\\/ca\\\/#\\\/schema\\\/logo\\\/image\\\/\"},\"sameAs\":[\"https:\\\/\\\/www.facebook.com\\\/elux.innovation\",\"https:\\\/\\\/x.com\\\/Eluxinnovation\",\"https:\\\/\\\/www.instagram.com\\\/eliquidinnovation\\\/\"]}]}<\/script>\n<!-- \/ Yoast SEO plugin. -->","yoast_head_json":{"title":"Pol\u00edtica de privadesa - E-LUX","robots":{"index":"index","follow":"follow","max-snippet":"max-snippet:-1","max-image-preview":"max-image-preview:large","max-video-preview":"max-video-preview:-1"},"canonical":"https:\/\/e-lux.es\/ca\/politica-de-privadesa\/","og_locale":"ca_ES","og_type":"article","og_title":"Pol\u00edtica de privadesa - E-LUX","og_description":"POL\u00cdTICA DE PRIVACITAT DEL LLOC WEB www.e-lux.es I. POL\u00cdTICA DE PRIVACITAT I PROTECCI\u00d3 DE DADES Respectant el que estableix la legislaci\u00f3 vigent, E-Lux (d'ara endavant, tamb\u00e9 Lloc Web) es compromet a adoptar les mesures t\u00e8cniques i organitzatives necess\u00e0ries, segons el nivell de seguretat adequat al risc de les dades recollides. Lleis que incorpora aquesta pol\u00edtica [&hellip;]","og_url":"https:\/\/e-lux.es\/ca\/politica-de-privadesa\/","og_site_name":"E-LUX","article_publisher":"https:\/\/www.facebook.com\/elux.innovation","article_modified_time":"2024-03-04T10:33:40+00:00","twitter_card":"summary_large_image","twitter_site":"@Eluxinnovation","twitter_misc":{"Temps estimat de lectura":"14 minuts"},"schema":{"@context":"https:\/\/schema.org","@graph":[{"@type":"WebPage","@id":"https:\/\/e-lux.es\/ca\/politica-de-privadesa\/","url":"https:\/\/e-lux.es\/ca\/politica-de-privadesa\/","name":"Pol\u00edtica de privadesa - E-LUX","isPartOf":{"@id":"https:\/\/e-lux.es\/ca\/#website"},"datePublished":"2024-02-27T08:49:38+00:00","dateModified":"2024-03-04T10:33:40+00:00","breadcrumb":{"@id":"https:\/\/e-lux.es\/ca\/politica-de-privadesa\/#breadcrumb"},"inLanguage":"ca","potentialAction":[{"@type":"ReadAction","target":["https:\/\/e-lux.es\/ca\/politica-de-privadesa\/"]}]},{"@type":"BreadcrumbList","@id":"https:\/\/e-lux.es\/ca\/politica-de-privadesa\/#breadcrumb","itemListElement":[{"@type":"ListItem","position":1,"name":"Portada","item":"https:\/\/e-lux.es\/ca\/inici\/"},{"@type":"ListItem","position":2,"name":"Pol\u00edtica de privadesa"}]},{"@type":"WebSite","@id":"https:\/\/e-lux.es\/ca\/#website","url":"https:\/\/e-lux.es\/ca\/","name":"E-LUX","description":"Premium e-liquid &amp; Shisha","publisher":{"@id":"https:\/\/e-lux.es\/ca\/#organization"},"potentialAction":[{"@type":"SearchAction","target":{"@type":"EntryPoint","urlTemplate":"https:\/\/e-lux.es\/ca\/?s={search_term_string}"},"query-input":{"@type":"PropertyValueSpecification","valueRequired":true,"valueName":"search_term_string"}}],"inLanguage":"ca"},{"@type":"Organization","@id":"https:\/\/e-lux.es\/ca\/#organization","name":"E-liquids Innovation","url":"https:\/\/e-lux.es\/ca\/","logo":{"@type":"ImageObject","inLanguage":"ca","@id":"https:\/\/e-lux.es\/ca\/#\/schema\/logo\/image\/","url":"https:\/\/e-lux.es\/wp-content\/uploads\/2024\/02\/e-lux-Mesa-de-trabajo-13.png","contentUrl":"https:\/\/e-lux.es\/wp-content\/uploads\/2024\/02\/e-lux-Mesa-de-trabajo-13.png","width":522,"height":237,"caption":"E-liquids Innovation"},"image":{"@id":"https:\/\/e-lux.es\/ca\/#\/schema\/logo\/image\/"},"sameAs":["https:\/\/www.facebook.com\/elux.innovation","https:\/\/x.com\/Eluxinnovation","https:\/\/www.instagram.com\/eliquidinnovation\/"]}]}},"_links":{"self":[{"href":"https:\/\/e-lux.es\/ca\/wp-json\/wp\/v2\/pages\/813","targetHints":{"allow":["GET"]}}],"collection":[{"href":"https:\/\/e-lux.es\/ca\/wp-json\/wp\/v2\/pages"}],"about":[{"href":"https:\/\/e-lux.es\/ca\/wp-json\/wp\/v2\/types\/page"}],"author":[{"embeddable":true,"href":"https:\/\/e-lux.es\/ca\/wp-json\/wp\/v2\/users\/1"}],"replies":[{"embeddable":true,"href":"https:\/\/e-lux.es\/ca\/wp-json\/wp\/v2\/comments?post=813"}],"version-history":[{"count":4,"href":"https:\/\/e-lux.es\/ca\/wp-json\/wp\/v2\/pages\/813\/revisions"}],"predecessor-version":[{"id":988,"href":"https:\/\/e-lux.es\/ca\/wp-json\/wp\/v2\/pages\/813\/revisions\/988"}],"wp:attachment":[{"href":"https:\/\/e-lux.es\/ca\/wp-json\/wp\/v2\/media?parent=813"}],"curies":[{"name":"wp","href":"https:\/\/api.w.org\/{rel}","templated":true}]}}